{"id":6455,"date":"2023-02-23T10:29:05","date_gmt":"2023-02-23T09:29:05","guid":{"rendered":"https:\/\/alpagrumi.ch\/news-blog\/"},"modified":"2025-04-15T14:47:07","modified_gmt":"2025-04-15T12:47:07","slug":"news-blog","status":"publish","type":"page","link":"https:\/\/alpagrumi.ch\/de\/news-blog\/","title":{"rendered":"News \/ Blog"},"content":{"rendered":"\t\t<div data-elementor-type=\"wp-page\" data-elementor-id=\"6455\" class=\"elementor elementor-6455 elementor-6448\" data-elementor-post-type=\"page\">\n\t\t\t\t<div class=\"elementor-element elementor-element-460fe60 e-flex e-con-boxed e-con e-parent\" data-id=\"460fe60\" data-element_type=\"container\" data-e-type=\"container\" data-settings=\"{&quot;background_background&quot;:&quot;classic&quot;}\">\n\t\t\t\t\t<div class=\"e-con-inner\">\n\t\t<div class=\"elementor-element elementor-element-6f77cf8 e-con-full e-flex e-con e-child\" data-id=\"6f77cf8\" data-element_type=\"container\" data-e-type=\"container\">\n\t\t\t\t<div class=\"elementor-element elementor-element-1b2ab0f elementor-widget elementor-widget-heading\" data-id=\"1b2ab0f\" data-element_type=\"widget\" data-e-type=\"widget\" data-settings=\"{&quot;_animation&quot;:&quot;none&quot;}\" data-widget_type=\"heading.default\">\n\t\t\t\t\t<h2 class=\"elementor-heading-title elementor-size-xxl\">News \/ Blog<\/h2>\t\t\t\t<\/div>\n\t\t\t\t<\/div>\n\t\t\t\t\t<\/div>\n\t\t\t\t<\/div>\n\t\t<div class=\"elementor-element elementor-element-609f7de e-flex e-con-boxed e-con e-parent\" data-id=\"609f7de\" data-element_type=\"container\" data-e-type=\"container\" data-settings=\"{&quot;background_background&quot;:&quot;classic&quot;}\">\n\t\t\t\t\t<div class=\"e-con-inner\">\n\t\t<div class=\"elementor-element elementor-element-cb8d48e e-con-full e-flex e-con e-child\" data-id=\"cb8d48e\" data-element_type=\"container\" data-e-type=\"container\">\n\t\t\t\t<div class=\"elementor-element elementor-element-ecf87ba elementor-grid-3 elementor-grid-tablet-2 elementor-grid-mobile-1 elementor-posts--thumbnail-top elementor-card-shadow-yes elementor-posts__hover-gradient elementor-widget elementor-widget-posts\" data-id=\"ecf87ba\" data-element_type=\"widget\" data-e-type=\"widget\" data-settings=\"{&quot;pagination_type&quot;:&quot;numbers_and_prev_next&quot;,&quot;cards_columns&quot;:&quot;3&quot;,&quot;cards_columns_tablet&quot;:&quot;2&quot;,&quot;cards_columns_mobile&quot;:&quot;1&quot;,&quot;cards_row_gap&quot;:{&quot;unit&quot;:&quot;px&quot;,&quot;size&quot;:35,&quot;sizes&quot;:[]},&quot;cards_row_gap_tablet&quot;:{&quot;unit&quot;:&quot;px&quot;,&quot;size&quot;:&quot;&quot;,&quot;sizes&quot;:[]},&quot;cards_row_gap_mobile&quot;:{&quot;unit&quot;:&quot;px&quot;,&quot;size&quot;:&quot;&quot;,&quot;sizes&quot;:[]}}\" data-widget_type=\"posts.cards\">\n\t\t\t\t<div class=\"elementor-widget-container\">\n\t\t\t\t\t\t\t<div class=\"elementor-posts-container elementor-posts elementor-posts--skin-cards elementor-grid\" role=\"list\">\n\t\t\t\t<article class=\"elementor-post elementor-grid-item post-20495 post type-post status-publish format-standard has-post-thumbnail hentry category-news-de\" role=\"listitem\">\n\t\t\t<div class=\"elementor-post__card\">\n\t\t\t\t<a class=\"elementor-post__thumbnail__link\" href=\"https:\/\/alpagrumi.ch\/de\/neue-sorten-fruehjahr-2026\/\" tabindex=\"-1\" ><div class=\"elementor-post__thumbnail\"><img fetchpriority=\"high\" decoding=\"async\" width=\"1536\" height=\"1536\" src=\"https:\/\/alpagrumi.ch\/wp-content\/uploads\/sites\/78\/2026\/03\/Violeta4-1536x1536.jpg\" class=\"attachment-1536x1536 size-1536x1536 wp-image-20337\" alt=\"\" srcset=\"https:\/\/alpagrumi.ch\/wp-content\/uploads\/sites\/78\/2026\/03\/Violeta4-1536x1536.jpg 1536w, https:\/\/alpagrumi.ch\/wp-content\/uploads\/sites\/78\/2026\/03\/Violeta4-300x300.jpg 300w, https:\/\/alpagrumi.ch\/wp-content\/uploads\/sites\/78\/2026\/03\/Violeta4-1024x1024.jpg 1024w, https:\/\/alpagrumi.ch\/wp-content\/uploads\/sites\/78\/2026\/03\/Violeta4-150x150.jpg 150w, https:\/\/alpagrumi.ch\/wp-content\/uploads\/sites\/78\/2026\/03\/Violeta4-768x768.jpg 768w, https:\/\/alpagrumi.ch\/wp-content\/uploads\/sites\/78\/2026\/03\/Violeta4-1320x1320.jpg 1320w, https:\/\/alpagrumi.ch\/wp-content\/uploads\/sites\/78\/2026\/03\/Violeta4-600x600.jpg 600w, https:\/\/alpagrumi.ch\/wp-content\/uploads\/sites\/78\/2026\/03\/Violeta4-100x100.jpg 100w, https:\/\/alpagrumi.ch\/wp-content\/uploads\/sites\/78\/2026\/03\/Violeta4.jpg 2000w\" sizes=\"(max-width: 1536px) 100vw, 1536px\" \/><\/div><\/a>\n\t\t\t\t<div class=\"elementor-post__text\">\n\t\t\t\t<h3 class=\"elementor-post__title\">\n\t\t\t<a href=\"https:\/\/alpagrumi.ch\/de\/neue-sorten-fruehjahr-2026\/\" >\n\t\t\t\tNeue Sorten Fr\u00fchjahr 2026\t\t\t<\/a>\n\t\t<\/h3>\n\t\t\t\t<div class=\"elementor-post__excerpt\">\n\t\t\t<p>F\u00fcr mehrere Sorten sind die im Jahr 2025 veredelten Pflanzen noch zu klein. Daher werden wir mindestens bis zum Herbst keine korsische Blutorangen, Hana Yuzu,<\/p>\n\t\t<\/div>\n\t\t\n\t\t<a class=\"elementor-post__read-more\" href=\"https:\/\/alpagrumi.ch\/de\/neue-sorten-fruehjahr-2026\/\" aria-label=\"Mehr \u00fcber Neue Sorten Fr\u00fchjahr 2026\" tabindex=\"-1\" >\n\t\t\tLire la suite \u00bb\t\t<\/a>\n\n\t\t\t\t<\/div>\n\t\t\t\t\t<\/div>\n\t\t<\/article>\n\t\t\t\t<article class=\"elementor-post elementor-grid-item post-20116 post type-post status-publish format-standard has-post-thumbnail hentry category-news-de\" role=\"listitem\">\n\t\t\t<div class=\"elementor-post__card\">\n\t\t\t\t<a class=\"elementor-post__thumbnail__link\" href=\"https:\/\/alpagrumi.ch\/de\/kaeltewelle-januar-2026-auswirkungen-auf-zitrusbaeume\/\" tabindex=\"-1\" ><div class=\"elementor-post__thumbnail\"><img decoding=\"async\" width=\"1536\" height=\"1152\" src=\"https:\/\/alpagrumi.ch\/wp-content\/uploads\/sites\/78\/2026\/01\/20260111_125150-1-1536x1152.jpg\" class=\"attachment-1536x1536 size-1536x1536 wp-image-20115\" alt=\"\" srcset=\"https:\/\/alpagrumi.ch\/wp-content\/uploads\/sites\/78\/2026\/01\/20260111_125150-1-1536x1152.jpg 1536w, https:\/\/alpagrumi.ch\/wp-content\/uploads\/sites\/78\/2026\/01\/20260111_125150-1-300x225.jpg 300w, https:\/\/alpagrumi.ch\/wp-content\/uploads\/sites\/78\/2026\/01\/20260111_125150-1-1024x768.jpg 1024w, https:\/\/alpagrumi.ch\/wp-content\/uploads\/sites\/78\/2026\/01\/20260111_125150-1-768x576.jpg 768w, https:\/\/alpagrumi.ch\/wp-content\/uploads\/sites\/78\/2026\/01\/20260111_125150-1-2048x1536.jpg 2048w, https:\/\/alpagrumi.ch\/wp-content\/uploads\/sites\/78\/2026\/01\/20260111_125150-1-1320x990.jpg 1320w, https:\/\/alpagrumi.ch\/wp-content\/uploads\/sites\/78\/2026\/01\/20260111_125150-1-600x450.jpg 600w\" sizes=\"(max-width: 1536px) 100vw, 1536px\" \/><\/div><\/a>\n\t\t\t\t<div class=\"elementor-post__text\">\n\t\t\t\t<h3 class=\"elementor-post__title\">\n\t\t\t<a href=\"https:\/\/alpagrumi.ch\/de\/kaeltewelle-januar-2026-auswirkungen-auf-zitrusbaeume\/\" >\n\t\t\t\tK\u00e4ltewelle Januar 2026: Auswirkungen auf Zitrusb\u00e4ume\t\t\t<\/a>\n\t\t<\/h3>\n\t\t\t\t<div class=\"elementor-post__excerpt\">\n\t\t\t<p>Der Beginn des Jahres 2026 wurde durch eine ziemlich intensive und lange K\u00e4ltewelle gekennzeichnet.Schauen wir uns die Auswirkungen auf die verschiedenen Zitrussorten an. Hinweis:Die Temperaturdiagramme<\/p>\n\t\t<\/div>\n\t\t\n\t\t<a class=\"elementor-post__read-more\" href=\"https:\/\/alpagrumi.ch\/de\/kaeltewelle-januar-2026-auswirkungen-auf-zitrusbaeume\/\" aria-label=\"Mehr \u00fcber K\u00e4ltewelle Januar 2026: Auswirkungen auf Zitrusb\u00e4ume\" tabindex=\"-1\" >\n\t\t\tLire la suite \u00bb\t\t<\/a>\n\n\t\t\t\t<\/div>\n\t\t\t\t\t<\/div>\n\t\t<\/article>\n\t\t\t\t<article class=\"elementor-post elementor-grid-item post-19977 post type-post status-publish format-standard has-post-thumbnail hentry category-news-de\" role=\"listitem\">\n\t\t\t<div class=\"elementor-post__card\">\n\t\t\t\t<a class=\"elementor-post__thumbnail__link\" href=\"https:\/\/alpagrumi.ch\/de\/satsuma-orangen-und-zitronen-im-dezember\/\" tabindex=\"-1\" ><div class=\"elementor-post__thumbnail\"><img decoding=\"async\" width=\"1536\" height=\"1152\" src=\"https:\/\/alpagrumi.ch\/wp-content\/uploads\/sites\/78\/2025\/12\/20251223_114445-1536x1152.jpg\" class=\"attachment-1536x1536 size-1536x1536 wp-image-19976\" alt=\"\" srcset=\"https:\/\/alpagrumi.ch\/wp-content\/uploads\/sites\/78\/2025\/12\/20251223_114445-1536x1152.jpg 1536w, https:\/\/alpagrumi.ch\/wp-content\/uploads\/sites\/78\/2025\/12\/20251223_114445-300x225.jpg 300w, https:\/\/alpagrumi.ch\/wp-content\/uploads\/sites\/78\/2025\/12\/20251223_114445-1024x768.jpg 1024w, https:\/\/alpagrumi.ch\/wp-content\/uploads\/sites\/78\/2025\/12\/20251223_114445-768x576.jpg 768w, https:\/\/alpagrumi.ch\/wp-content\/uploads\/sites\/78\/2025\/12\/20251223_114445-2048x1536.jpg 2048w, https:\/\/alpagrumi.ch\/wp-content\/uploads\/sites\/78\/2025\/12\/20251223_114445-1320x990.jpg 1320w, https:\/\/alpagrumi.ch\/wp-content\/uploads\/sites\/78\/2025\/12\/20251223_114445-600x450.jpg 600w\" sizes=\"(max-width: 1536px) 100vw, 1536px\" \/><\/div><\/a>\n\t\t\t\t<div class=\"elementor-post__text\">\n\t\t\t\t<h3 class=\"elementor-post__title\">\n\t\t\t<a href=\"https:\/\/alpagrumi.ch\/de\/satsuma-orangen-und-zitronen-im-dezember\/\" >\n\t\t\t\tSatsuma, Orangen und Zitronen im Dezember\t\t\t<\/a>\n\t\t<\/h3>\n\t\t\t\t<div class=\"elementor-post__excerpt\">\n\t\t\t<p>Ein Rundgang durch den Zitrusfr\u00fcchtegarten. Im Dezember beginnen viele Sorten zu reifen.<\/p>\n\t\t<\/div>\n\t\t\n\t\t<a class=\"elementor-post__read-more\" href=\"https:\/\/alpagrumi.ch\/de\/satsuma-orangen-und-zitronen-im-dezember\/\" aria-label=\"Mehr \u00fcber Satsuma, Orangen und Zitronen im Dezember\" tabindex=\"-1\" >\n\t\t\tLire la suite \u00bb\t\t<\/a>\n\n\t\t\t\t<\/div>\n\t\t\t\t\t<\/div>\n\t\t<\/article>\n\t\t\t\t<article class=\"elementor-post elementor-grid-item post-19773 post type-post status-publish format-standard has-post-thumbnail hentry category-news-de\" role=\"listitem\">\n\t\t\t<div class=\"elementor-post__card\">\n\t\t\t\t<a class=\"elementor-post__thumbnail__link\" href=\"https:\/\/alpagrumi.ch\/de\/sudachi-ernte-und-marmelade\/\" tabindex=\"-1\" ><div class=\"elementor-post__thumbnail\"><img loading=\"lazy\" decoding=\"async\" width=\"1536\" height=\"1152\" src=\"https:\/\/alpagrumi.ch\/wp-content\/uploads\/sites\/78\/2025\/10\/20251009_153950-1536x1152.jpg\" class=\"attachment-1536x1536 size-1536x1536 wp-image-19772\" alt=\"\" srcset=\"https:\/\/alpagrumi.ch\/wp-content\/uploads\/sites\/78\/2025\/10\/20251009_153950-1536x1152.jpg 1536w, https:\/\/alpagrumi.ch\/wp-content\/uploads\/sites\/78\/2025\/10\/20251009_153950-300x225.jpg 300w, https:\/\/alpagrumi.ch\/wp-content\/uploads\/sites\/78\/2025\/10\/20251009_153950-1024x768.jpg 1024w, https:\/\/alpagrumi.ch\/wp-content\/uploads\/sites\/78\/2025\/10\/20251009_153950-768x576.jpg 768w, https:\/\/alpagrumi.ch\/wp-content\/uploads\/sites\/78\/2025\/10\/20251009_153950-2048x1536.jpg 2048w, https:\/\/alpagrumi.ch\/wp-content\/uploads\/sites\/78\/2025\/10\/20251009_153950-1320x990.jpg 1320w, https:\/\/alpagrumi.ch\/wp-content\/uploads\/sites\/78\/2025\/10\/20251009_153950-600x450.jpg 600w\" sizes=\"(max-width: 1536px) 100vw, 1536px\" \/><\/div><\/a>\n\t\t\t\t<div class=\"elementor-post__text\">\n\t\t\t\t<h3 class=\"elementor-post__title\">\n\t\t\t<a href=\"https:\/\/alpagrumi.ch\/de\/sudachi-ernte-und-marmelade\/\" >\n\t\t\t\tSudachi-Ernte und Marmelade\t\t\t<\/a>\n\t\t<\/h3>\n\t\t\t\t<div class=\"elementor-post__excerpt\">\n\t\t\t<p>Mitte Oktober sind die Sudachi reif f\u00fcr die Ernte.Es ist Zeit, sie f\u00fcr die Marmelade zu pfl\u00fccken.<\/p>\n\t\t<\/div>\n\t\t\n\t\t<a class=\"elementor-post__read-more\" href=\"https:\/\/alpagrumi.ch\/de\/sudachi-ernte-und-marmelade\/\" aria-label=\"Mehr \u00fcber Sudachi-Ernte und Marmelade\" tabindex=\"-1\" >\n\t\t\tLire la suite \u00bb\t\t<\/a>\n\n\t\t\t\t<\/div>\n\t\t\t\t\t<\/div>\n\t\t<\/article>\n\t\t\t\t<article class=\"elementor-post elementor-grid-item post-19600 post type-post status-publish format-standard has-post-thumbnail hentry category-news-de\" role=\"listitem\">\n\t\t\t<div class=\"elementor-post__card\">\n\t\t\t\t<a class=\"elementor-post__thumbnail__link\" href=\"https:\/\/alpagrumi.ch\/de\/kiwai-ernte-2025\/\" tabindex=\"-1\" ><div class=\"elementor-post__thumbnail\"><img loading=\"lazy\" decoding=\"async\" width=\"1152\" height=\"1536\" src=\"https:\/\/alpagrumi.ch\/wp-content\/uploads\/sites\/78\/2025\/10\/20251007_110210-1152x1536.jpg\" class=\"attachment-1536x1536 size-1536x1536 wp-image-19584\" alt=\"\" srcset=\"https:\/\/alpagrumi.ch\/wp-content\/uploads\/sites\/78\/2025\/10\/20251007_110210-1152x1536.jpg 1152w, https:\/\/alpagrumi.ch\/wp-content\/uploads\/sites\/78\/2025\/10\/20251007_110210-225x300.jpg 225w, https:\/\/alpagrumi.ch\/wp-content\/uploads\/sites\/78\/2025\/10\/20251007_110210-768x1024.jpg 768w, https:\/\/alpagrumi.ch\/wp-content\/uploads\/sites\/78\/2025\/10\/20251007_110210-1536x2048.jpg 1536w, https:\/\/alpagrumi.ch\/wp-content\/uploads\/sites\/78\/2025\/10\/20251007_110210-1320x1760.jpg 1320w, https:\/\/alpagrumi.ch\/wp-content\/uploads\/sites\/78\/2025\/10\/20251007_110210-600x800.jpg 600w, https:\/\/alpagrumi.ch\/wp-content\/uploads\/sites\/78\/2025\/10\/20251007_110210-scaled.jpg 1920w\" sizes=\"(max-width: 1152px) 100vw, 1152px\" \/><\/div><\/a>\n\t\t\t\t<div class=\"elementor-post__text\">\n\t\t\t\t<h3 class=\"elementor-post__title\">\n\t\t\t<a href=\"https:\/\/alpagrumi.ch\/de\/kiwai-ernte-2025\/\" >\n\t\t\t\tKiwai-Ernte 2025\t\t\t<\/a>\n\t\t<\/h3>\n\t\t\t\t<div class=\"elementor-post__excerpt\">\n\t\t\t<p>Die Kiwai haben wir Ihnen bereits im letzten Jahr gezeigt. Die diesj\u00e4hrige Ernte ist spektakul\u00e4r genug, um einige Fotos zu verdienen.<\/p>\n\t\t<\/div>\n\t\t\n\t\t<a class=\"elementor-post__read-more\" href=\"https:\/\/alpagrumi.ch\/de\/kiwai-ernte-2025\/\" aria-label=\"Mehr \u00fcber Kiwai-Ernte 2025\" tabindex=\"-1\" >\n\t\t\tLire la suite \u00bb\t\t<\/a>\n\n\t\t\t\t<\/div>\n\t\t\t\t\t<\/div>\n\t\t<\/article>\n\t\t\t\t<article class=\"elementor-post elementor-grid-item post-18870 post type-post status-publish format-standard has-post-thumbnail hentry category-news-de\" role=\"listitem\">\n\t\t\t<div class=\"elementor-post__card\">\n\t\t\t\t<a class=\"elementor-post__thumbnail__link\" href=\"https:\/\/alpagrumi.ch\/de\/zitronen-und-pomelos-im-september\/\" tabindex=\"-1\" ><div class=\"elementor-post__thumbnail\"><img loading=\"lazy\" decoding=\"async\" width=\"1536\" height=\"1152\" src=\"https:\/\/alpagrumi.ch\/wp-content\/uploads\/sites\/78\/2025\/09\/20250830_Meyer1-1536x1152.jpg\" class=\"attachment-1536x1536 size-1536x1536 wp-image-18798\" alt=\"\" srcset=\"https:\/\/alpagrumi.ch\/wp-content\/uploads\/sites\/78\/2025\/09\/20250830_Meyer1-1536x1152.jpg 1536w, https:\/\/alpagrumi.ch\/wp-content\/uploads\/sites\/78\/2025\/09\/20250830_Meyer1-300x225.jpg 300w, https:\/\/alpagrumi.ch\/wp-content\/uploads\/sites\/78\/2025\/09\/20250830_Meyer1-1024x768.jpg 1024w, https:\/\/alpagrumi.ch\/wp-content\/uploads\/sites\/78\/2025\/09\/20250830_Meyer1-768x576.jpg 768w, https:\/\/alpagrumi.ch\/wp-content\/uploads\/sites\/78\/2025\/09\/20250830_Meyer1-2048x1536.jpg 2048w, https:\/\/alpagrumi.ch\/wp-content\/uploads\/sites\/78\/2025\/09\/20250830_Meyer1-1320x990.jpg 1320w, https:\/\/alpagrumi.ch\/wp-content\/uploads\/sites\/78\/2025\/09\/20250830_Meyer1-600x450.jpg 600w\" sizes=\"(max-width: 1536px) 100vw, 1536px\" \/><\/div><\/a>\n\t\t\t\t<div class=\"elementor-post__text\">\n\t\t\t\t<h3 class=\"elementor-post__title\">\n\t\t\t<a href=\"https:\/\/alpagrumi.ch\/de\/zitronen-und-pomelos-im-september\/\" >\n\t\t\t\tZitronen und Pomelos im September\t\t\t<\/a>\n\t\t<\/h3>\n\t\t\t\t<div class=\"elementor-post__excerpt\">\n\t\t\t<p>Mitte September sind die Fr\u00fcchte gebildet, aber noch gr\u00fcn. Zwischen Sonne und Regenschauern beobachten wir die Reifung der verschiedenen Sorten, die auf den Terrassen gepflanzt<\/p>\n\t\t<\/div>\n\t\t\n\t\t<a class=\"elementor-post__read-more\" href=\"https:\/\/alpagrumi.ch\/de\/zitronen-und-pomelos-im-september\/\" aria-label=\"Mehr \u00fcber Zitronen und Pomelos im September\" tabindex=\"-1\" >\n\t\t\tLire la suite \u00bb\t\t<\/a>\n\n\t\t\t\t<\/div>\n\t\t\t\t\t<\/div>\n\t\t<\/article>\n\t\t\t\t<\/div>\n\t\t\n\t\t\t\t<div class=\"e-load-more-anchor\" data-page=\"1\" data-max-page=\"11\" data-next-page=\"https:\/\/alpagrumi.ch\/de\/wp-json\/wp\/v2\/pages\/6455\/page\/2\/\"><\/div>\n\t\t\t\t<nav class=\"elementor-pagination\" aria-label=\"Seitennummerierung\">\n\t\t\t<span class=\"page-numbers prev\">&laquo; Pr\u00e9c\u00e9dent<\/span>\n<span aria-current=\"page\" class=\"page-numbers current\"><span class=\"elementor-screen-only\">Seite<\/span>1<\/span>\n<a class=\"page-numbers\" href=\"https:\/\/alpagrumi.ch\/de\/wp-json\/wp\/v2\/pages\/6455\/page\/2\/\"><span class=\"elementor-screen-only\">Seite<\/span>2<\/a>\n<a class=\"page-numbers\" href=\"https:\/\/alpagrumi.ch\/de\/wp-json\/wp\/v2\/pages\/6455\/page\/3\/\"><span class=\"elementor-screen-only\">Seite<\/span>3<\/a>\n<a class=\"page-numbers\" href=\"https:\/\/alpagrumi.ch\/de\/wp-json\/wp\/v2\/pages\/6455\/page\/4\/\"><span class=\"elementor-screen-only\">Seite<\/span>4<\/a>\n<a class=\"page-numbers\" href=\"https:\/\/alpagrumi.ch\/de\/wp-json\/wp\/v2\/pages\/6455\/page\/5\/\"><span class=\"elementor-screen-only\">Seite<\/span>5<\/a>\n<a class=\"page-numbers\" href=\"https:\/\/alpagrumi.ch\/de\/wp-json\/wp\/v2\/pages\/6455\/page\/6\/\"><span class=\"elementor-screen-only\">Seite<\/span>6<\/a>\n<a class=\"page-numbers\" href=\"https:\/\/alpagrumi.ch\/de\/wp-json\/wp\/v2\/pages\/6455\/page\/7\/\"><span class=\"elementor-screen-only\">Seite<\/span>7<\/a>\n<a class=\"page-numbers\" href=\"https:\/\/alpagrumi.ch\/de\/wp-json\/wp\/v2\/pages\/6455\/page\/8\/\"><span class=\"elementor-screen-only\">Seite<\/span>8<\/a>\n<a class=\"page-numbers\" href=\"https:\/\/alpagrumi.ch\/de\/wp-json\/wp\/v2\/pages\/6455\/page\/9\/\"><span class=\"elementor-screen-only\">Seite<\/span>9<\/a>\n<a class=\"page-numbers\" href=\"https:\/\/alpagrumi.ch\/de\/wp-json\/wp\/v2\/pages\/6455\/page\/10\/\"><span class=\"elementor-screen-only\">Seite<\/span>10<\/a>\n<a class=\"page-numbers\" href=\"https:\/\/alpagrumi.ch\/de\/wp-json\/wp\/v2\/pages\/6455\/page\/11\/\"><span class=\"elementor-screen-only\">Seite<\/span>11<\/a>\n<a class=\"page-numbers next\" href=\"https:\/\/alpagrumi.ch\/de\/wp-json\/wp\/v2\/pages\/6455\/page\/2\/\">Suivant &raquo;<\/a>\t\t<\/nav>\n\t\t\t\t\t\t<\/div>\n\t\t\t\t<\/div>\n\t\t\t\t<\/div>\n\t\t\t\t\t<\/div>\n\t\t\t\t<\/div>\n\t\t\t\t<section class=\"elementor-section elementor-top-section elementor-element elementor-element-51e7e9f9 elementor-section-boxed elementor-section-height-default elementor-section-height-default\" data-id=\"51e7e9f9\" data-element_type=\"section\" data-e-type=\"section\" data-settings=\"{&quot;animation&quot;:&quot;none&quot;,&quot;background_background&quot;:&quot;classic&quot;}\">\n\t\t\t\t\t\t<div class=\"elementor-container elementor-column-gap-default\">\n\t\t\t\t\t<div class=\"elementor-column elementor-col-100 elementor-top-column elementor-element elementor-element-55eaf482\" data-id=\"55eaf482\" data-element_type=\"column\" data-e-type=\"column\">\n\t\t\t<div class=\"elementor-widget-wrap elementor-element-populated\">\n\t\t\t\t\t\t<div class=\"elementor-element elementor-element-1ff8abc1 elementor-widget elementor-widget-heading\" data-id=\"1ff8abc1\" data-element_type=\"widget\" data-e-type=\"widget\" data-widget_type=\"heading.default\">\n\t\t\t\t\t<h2 class=\"elementor-heading-title elementor-size-default\">Abonnieren Sie den Newsletter, um auf dem Laufenden zu bleiben<\/h2>\t\t\t\t<\/div>\n\t\t\t\t<div class=\"elementor-element elementor-element-ad12856 elementor-widget elementor-widget-text-editor\" data-id=\"ad12856\" data-element_type=\"widget\" data-e-type=\"widget\" data-widget_type=\"text-editor.default\">\n\t\t\t\t\t\t\t\t\t<p>F\u00fcgen Sie Ihre E-Mail-Adresse ein, um unsere Neuigkeiten zu erhalten.<\/p>\t\t\t\t\t\t\t\t<\/div>\n\t\t\t\t<div class=\"elementor-element elementor-element-a3aebbc elementor-button-align-stretch elementor-widget elementor-widget-form\" data-id=\"a3aebbc\" data-element_type=\"widget\" data-e-type=\"widget\" data-settings=\"{&quot;step_next_label&quot;:&quot;Weiter zu&quot;,&quot;step_previous_label&quot;:&quot;Vorherige&quot;,&quot;button_width&quot;:&quot;100&quot;,&quot;step_type&quot;:&quot;number_text&quot;,&quot;step_icon_shape&quot;:&quot;circle&quot;}\" data-widget_type=\"form.default\">\n\t\t\t\t\t\t\t<form class=\"elementor-form\" method=\"post\" name=\"Neues Formular\" aria-label=\"Neues Formular\">\n\t\t\t<input type=\"hidden\" name=\"post_id\" value=\"6455\"\/>\n\t\t\t<input type=\"hidden\" name=\"form_id\" value=\"a3aebbc\"\/>\n\t\t\t<input type=\"hidden\" name=\"referer_title\" value=\"News \/ Blog\" \/>\n\n\t\t\t\t\t\t\t<input type=\"hidden\" name=\"queried_id\" value=\"6455\"\/>\n\t\t\t\n\t\t\t<div class=\"elementor-form-fields-wrapper elementor-labels-\">\n\t\t\t\t\t\t\t\t<div class=\"elementor-field-type-text elementor-field-group elementor-column elementor-field-group-name elementor-col-50\">\n\t\t\t\t\t\t\t\t\t\t\t\t<label for=\"form-field-name\" class=\"elementor-field-label elementor-screen-only\">\n\t\t\t\t\t\t\t\tName\t\t\t\t\t\t\t<\/label>\n\t\t\t\t\t\t\t\t\t\t\t\t\t\t<input size=\"1\" type=\"text\" name=\"form_fields[name]\" id=\"form-field-name\" class=\"elementor-field elementor-size-sm  elementor-field-textual\" placeholder=\"Name\">\n\t\t\t\t\t\t\t\t\t\t\t<\/div>\n\t\t\t\t\t\t\t\t<div class=\"elementor-field-type-email elementor-field-group elementor-column elementor-field-group-email elementor-col-50 elementor-field-required\">\n\t\t\t\t\t\t\t\t\t\t\t\t<label for=\"form-field-email\" class=\"elementor-field-label elementor-screen-only\">\n\t\t\t\t\t\t\t\tE-Mail\t\t\t\t\t\t\t<\/label>\n\t\t\t\t\t\t\t\t\t\t\t\t\t\t<input size=\"1\" type=\"email\" name=\"form_fields[email]\" id=\"form-field-email\" class=\"elementor-field elementor-size-sm  elementor-field-textual\" placeholder=\"E-Mail\" required=\"required\">\n\t\t\t\t\t\t\t\t\t\t\t<\/div>\n\t\t\t\t\t\t\t\t<div class=\"elementor-field-group elementor-column elementor-field-type-submit elementor-col-100 e-form__buttons\">\n\t\t\t\t\t<button class=\"elementor-button elementor-size-sm\" type=\"submit\">\n\t\t\t\t\t\t<span class=\"elementor-button-content-wrapper\">\n\t\t\t\t\t\t\t\t\t\t\t\t\t\t\t\t\t\t\t\t\t\t<span class=\"elementor-button-text\">Melden Sie sich an<\/span>\n\t\t\t\t\t\t\t\t\t\t\t\t\t<\/span>\n\t\t\t\t\t<\/button>\n\t\t\t\t<\/div>\n\t\t\t<\/div>\n\t\t<\/form>\n\t\t\t\t\t\t<\/div>\n\t\t\t\t\t<\/div>\n\t\t<\/div>\n\t\t\t\t\t<\/div>\n\t\t<\/section>\n\t\t\t\t<\/div>\n\t\t","protected":false},"excerpt":{"rendered":"<p>Abonnieren Sie den Newsletter, um auf dem Laufenden zu bleiben F\u00fcgen Sie Ihre E-Mail-Adresse ein, um unsere Neuigkeiten zu erhalten.<\/p>\n","protected":false},"author":1630,"featured_media":0,"parent":0,"menu_order":0,"comment_status":"closed","ping_status":"open","template":"elementor_header_footer","meta":{"_seopress_robots_primary_cat":"","_seopress_titles_title":"","_seopress_titles_desc":"","_seopress_robots_index":"","footnotes":""},"class_list":["post-6455","page","type-page","status-publish","hentry"],"_links":{"self":[{"href":"https:\/\/alpagrumi.ch\/de\/wp-json\/wp\/v2\/pages\/6455","targetHints":{"allow":["GET"]}}],"collection":[{"href":"https:\/\/alpagrumi.ch\/de\/wp-json\/wp\/v2\/pages"}],"about":[{"href":"https:\/\/alpagrumi.ch\/de\/wp-json\/wp\/v2\/types\/page"}],"author":[{"embeddable":true,"href":"https:\/\/alpagrumi.ch\/de\/wp-json\/wp\/v2\/users\/1630"}],"replies":[{"embeddable":true,"href":"https:\/\/alpagrumi.ch\/de\/wp-json\/wp\/v2\/comments?post=6455"}],"version-history":[{"count":0,"href":"https:\/\/alpagrumi.ch\/de\/wp-json\/wp\/v2\/pages\/6455\/revisions"}],"wp:attachment":[{"href":"https:\/\/alpagrumi.ch\/de\/wp-json\/wp\/v2\/media?parent=6455"}],"curies":[{"name":"wp","href":"https:\/\/api.w.org\/{rel}","templated":true}]}}